{"id":2015,"date":"2023-03-20T10:20:52","date_gmt":"2023-03-20T10:20:52","guid":{"rendered":"https:\/\/adamtransport.com\/hu\/?page_id=2015"},"modified":"2023-03-27T16:56:33","modified_gmt":"2023-03-27T16:56:33","slug":"hogyan-valasszunk-szallitmanyozasi-tipust-a-tengerentulrol","status":"publish","type":"page","link":"https:\/\/adamtransport.com\/hu\/hogyan-valasszunk-szallitmanyozasi-tipust-a-tengerentulrol","title":{"rendered":"Hogyan v\u00e1lasszunk sz\u00e1ll\u00edtm\u00e1nyoz\u00e1si t\u00edpust a tengerent\u00falr\u00f3l?"},"content":{"rendered":"\t\t<div data-elementor-type=\"wp-page\" data-elementor-id=\"2015\" class=\"elementor elementor-2015\" data-elementor-post-type=\"page\">\n\t\t\t\t<div class=\"elementor-element elementor-element-6ff617cf e-flex e-con-boxed e-con e-parent\" data-id=\"6ff617cf\" data-element_type=\"container\" data-settings=\"{&quot;background_background&quot;:&quot;classic&quot;,&quot;jet_parallax_layout_list&quot;:[]}\">\n\t\t\t\t\t<div class=\"e-con-inner\">\n\t\t<div class=\"elementor-element elementor-element-4b9a397d e-con-full e-flex e-con e-parent\" data-id=\"4b9a397d\" data-element_type=\"container\" data-settings=\"{&quot;jet_parallax_layout_list&quot;:[],&quot;background_background&quot;:&quot;classic&quot;}\">\n\t\t\t\t<div class=\"elementor-element elementor-element-7e1e7ba1 elementor-widget elementor-widget-heading\" data-id=\"7e1e7ba1\" data-element_type=\"widget\" data-widget_type=\"heading.default\">\n\t\t\t\t<div class=\"elementor-widget-container\">\n\t\t\t\t\t<h2 class=\"elementor-heading-title elementor-size-default\">Hogyan v\u00e1lasszunk sz\u00e1ll\u00edtm\u00e1nyoz\u00e1si t\u00edpust a tengerent\u00falr\u00f3l?<\/h2>\t\t\t\t<\/div>\n\t\t\t\t<\/div>\n\t\t\t\t<div class=\"elementor-element elementor-element-16a69256 elementor-widget elementor-widget-image\" data-id=\"16a69256\" data-element_type=\"widget\" data-widget_type=\"image.default\">\n\t\t\t\t<div class=\"elementor-widget-container\">\n\t\t\t\t\t\t\t\t\t\t\t\t\t\t\t<img fetchpriority=\"high\" decoding=\"async\" width=\"640\" height=\"640\" src=\"https:\/\/adamtransport.com\/hu\/wp-content\/uploads\/2023\/02\/airplane.gif\" class=\"attachment-large size-large wp-image-1457\" alt=\"\" \/>\t\t\t\t\t\t\t\t\t\t\t\t\t\t\t<\/div>\n\t\t\t\t<\/div>\n\t\t\t\t<div class=\"elementor-element elementor-element-77f73b29 elementor-widget elementor-widget-text-editor\" data-id=\"77f73b29\" data-element_type=\"widget\" data-widget_type=\"text-editor.default\">\n\t\t\t\t<div class=\"elementor-widget-container\">\n\t\t\t\t\t\t\t\t\t<p>Az Adam Transport Services Kft. -n\u00e9l mindig fontosnak tartottuk, hogy \u00fcgyfeleink sz\u00e1m\u00e1ra minden sz\u00e1ll\u00edt\u00e1ssal kapcsolatban felmer\u00fcl\u0151 k\u00e9rd\u00e9sben seg\u00edts\u00e9get tudjunk ny\u00fajtani. Ez\u00e9rt gondoltuk \u00fagy, hogy k\u00e9sz\u00edt\u00fcnk egy \u00f6sszehasonl\u00edt\u00e1st, melyben megvizsg\u00e1ljuk ugyanazon param\u00e9tereket egy-egy tengerent\u00fali sz\u00e1ll\u00edt\u00e1s t\u00edpus vonatkoz\u00e1s\u00e1ban, rem\u00e9lve, hogy ezzel is megk\u00f6nny\u00edtj\u00fck megb\u00edz\u00f3ink v\u00e1laszt\u00e1s\u00e1t.<\/p><p>\u00a0<\/p><p><strong><u>Tengerent\u00fali sz\u00e1ll\u00edt\u00e1si m\u00f3dok: <\/u><\/strong><\/p><ul><li><strong>k\u00f6z\u00fati<\/strong> sz\u00e1ll\u00edtm\u00e1nyoz\u00e1s;<\/li><li><strong>vas\u00fati <\/strong>sz\u00e1ll\u00edtm\u00e1nyoz\u00e1s;<\/li><li><strong>l\u00e9gi<\/strong> sz\u00e1ll\u00edtm\u00e1nyoz\u00e1s;<\/li><li><strong>tengeri<\/strong> sz\u00e1ll\u00edtm\u00e1nyoz\u00e1s.<\/li><\/ul><p>\u00a0<\/p><p><strong><u>A sz\u00e1ll\u00edt\u00e1s t\u00edpus kiv\u00e1laszt\u00e1s\u00e1t befoly\u00e1sol\u00f3 t\u00e9nyez\u0151k:<\/u><\/strong><\/p><ul><li>a sz\u00e1ll\u00edt\u00e1si folyamat id\u0151ig\u00e9nye;<\/li><li>fuvaroz\u00e1si k\u00f6lts\u00e9gek;<\/li><li>honnan \u2013 hova tart a sz\u00e1ll\u00edtm\u00e1ny;<\/li><li>az sz\u00e1ll\u00edtand\u00f3 \u00e1ru jellege, terjedelme (t\u00e9rfogat \/ t\u00f6meg), \u00e9rt\u00e9ke, csomagol\u00e1sa, biztos\u00edt\u00e1si \u00e9rz\u00e9kenys\u00e9ge.<\/li><\/ul><p><strong><u>\u00a0<\/u><\/strong><\/p>\t\t\t\t\t\t\t\t<\/div>\n\t\t\t\t<\/div>\n\t\t\t\t<\/div>\n\t\t<div class=\"elementor-element elementor-element-79bdba2f e-con-full e-flex e-con e-parent\" data-id=\"79bdba2f\" data-element_type=\"container\" data-settings=\"{&quot;background_background&quot;:&quot;classic&quot;,&quot;jet_parallax_layout_list&quot;:[]}\">\n\t\t\t\t<div class=\"elementor-element elementor-element-74228b0 elementor-widget elementor-widget-image\" data-id=\"74228b0\" data-element_type=\"widget\" data-widget_type=\"image.default\">\n\t\t\t\t<div class=\"elementor-widget-container\">\n\t\t\t\t\t\t\t\t\t\t\t\t\t\t\t<img decoding=\"async\" width=\"828\" height=\"678\" src=\"https:\/\/adamtransport.com\/hu\/wp-content\/uploads\/2023\/03\/Szallitas-tipusok.png\" class=\"attachment-full size-full wp-image-2030\" alt=\"\" srcset=\"https:\/\/adamtransport.com\/hu\/wp-content\/uploads\/2023\/03\/Szallitas-tipusok.png 828w, https:\/\/adamtransport.com\/hu\/wp-content\/uploads\/2023\/03\/Szallitas-tipusok-300x246.png 300w, https:\/\/adamtransport.com\/hu\/wp-content\/uploads\/2023\/03\/Szallitas-tipusok-768x629.png 768w\" sizes=\"(max-width: 828px) 100vw, 828px\" \/>\t\t\t\t\t\t\t\t\t\t\t\t\t\t\t<\/div>\n\t\t\t\t<\/div>\n\t\t\t\t<div class=\"elementor-element elementor-element-310bdd27 elementor-widget elementor-widget-button\" data-id=\"310bdd27\" data-element_type=\"widget\" data-widget_type=\"button.default\">\n\t\t\t\t<div class=\"elementor-widget-container\">\n\t\t\t\t\t\t\t\t\t<div class=\"elementor-button-wrapper\">\n\t\t\t\t\t<a class=\"elementor-button elementor-button-link elementor-size-lg\" href=\"#\">\n\t\t\t\t\t\t<span class=\"elementor-button-content-wrapper\">\n\t\t\t\t\t\t\t\t\t<span class=\"elementor-button-text\">Aj\u00e1nlatk\u00e9r\u00e9s<\/span>\n\t\t\t\t\t<\/span>\n\t\t\t\t\t<\/a>\n\t\t\t\t<\/div>\n\t\t\t\t\t\t\t\t<\/div>\n\t\t\t\t<\/div>\n\t\t\t\t<\/div>\n\t\t\t\t\t<\/div>\n\t\t\t\t<\/div>\n\t\t\t\t<\/div>\n\t\t","protected":false},"excerpt":{"rendered":"<p>Hogyan v\u00e1lasszunk sz\u00e1ll\u00edtm\u00e1nyoz\u00e1si t\u00edpust a tengerent\u00falr\u00f3l? Az Adam Transport Services Kft. -n\u00e9l mindig fontosnak tartottuk, hogy \u00fcgyfeleink sz\u00e1m\u00e1ra minden sz\u00e1ll\u00edt\u00e1ssal kapcsolatban felmer\u00fcl\u0151 k\u00e9rd\u00e9sben seg\u00edts\u00e9get tudjunk ny\u00fajtani. Ez\u00e9rt gondoltuk \u00fagy, hogy k\u00e9sz\u00edt\u00fcnk egy \u00f6sszehasonl\u00edt\u00e1st, melyben megvizsg\u00e1ljuk ugyanazon param\u00e9tereket egy-egy tengerent\u00fali sz\u00e1ll\u00edt\u00e1s t\u00edpus vonatkoz\u00e1s\u00e1ban, rem\u00e9lve, hogy ezzel is megk\u00f6nny\u00edtj\u00fck megb\u00edz\u00f3ink v\u00e1laszt\u00e1s\u00e1t. \u00a0 Tengerent\u00fali sz\u00e1ll\u00edt\u00e1si m\u00f3dok: k\u00f6z\u00fati sz\u00e1ll\u00edtm\u00e1nyoz\u00e1s; [&hellip;]<\/p>\n","protected":false},"author":6,"featured_media":0,"parent":0,"menu_order":0,"comment_status":"closed","ping_status":"closed","template":"","meta":{"footnotes":""},"class_list":["post-2015","page","type-page","status-publish","hentry"],"yoast_head":"<!-- This site is optimized with the Yoast SEO plugin v25.3 - https:\/\/yoast.com\/wordpress\/plugins\/seo\/ -->\n<title>Hogyan v\u00e1lasszunk sz\u00e1ll\u00edtm\u00e1nyoz\u00e1si t\u00edpust a tengerent\u00falr\u00f3l? - ATS Kft.<\/title>\n<meta name=\"robots\" content=\"index, follow, max-snippet:-1, max-image-preview:large, max-video-preview:-1\" \/>\n<link rel=\"canonical\" href=\"https:\/\/adamtransport.com\/hu\/hogyan-valasszunk-szallitmanyozasi-tipust-a-tengerentulrol\" \/>\n<meta property=\"og:locale\" content=\"hu_HU\" \/>\n<meta property=\"og:type\" content=\"article\" \/>\n<meta property=\"og:title\" content=\"Hogyan v\u00e1lasszunk sz\u00e1ll\u00edtm\u00e1nyoz\u00e1si t\u00edpust a tengerent\u00falr\u00f3l? - ATS Kft.\" \/>\n<meta property=\"og:description\" content=\"Hogyan v\u00e1lasszunk sz\u00e1ll\u00edtm\u00e1nyoz\u00e1si t\u00edpust a tengerent\u00falr\u00f3l? Az Adam Transport Services Kft. -n\u00e9l mindig fontosnak tartottuk, hogy \u00fcgyfeleink sz\u00e1m\u00e1ra minden sz\u00e1ll\u00edt\u00e1ssal kapcsolatban felmer\u00fcl\u0151 k\u00e9rd\u00e9sben seg\u00edts\u00e9get tudjunk ny\u00fajtani. Ez\u00e9rt gondoltuk \u00fagy, hogy k\u00e9sz\u00edt\u00fcnk egy \u00f6sszehasonl\u00edt\u00e1st, melyben megvizsg\u00e1ljuk ugyanazon param\u00e9tereket egy-egy tengerent\u00fali sz\u00e1ll\u00edt\u00e1s t\u00edpus vonatkoz\u00e1s\u00e1ban, rem\u00e9lve, hogy ezzel is megk\u00f6nny\u00edtj\u00fck megb\u00edz\u00f3ink v\u00e1laszt\u00e1s\u00e1t. \u00a0 Tengerent\u00fali sz\u00e1ll\u00edt\u00e1si m\u00f3dok: k\u00f6z\u00fati sz\u00e1ll\u00edtm\u00e1nyoz\u00e1s; [&hellip;]\" \/>\n<meta property=\"og:url\" content=\"https:\/\/adamtransport.com\/hu\/hogyan-valasszunk-szallitmanyozasi-tipust-a-tengerentulrol\" \/>\n<meta property=\"og:site_name\" content=\"ATS Kft.\" \/>\n<meta property=\"article:modified_time\" content=\"2023-03-27T16:56:33+00:00\" \/>\n<meta property=\"og:image\" content=\"https:\/\/adamtransport.com\/hu\/wp-content\/uploads\/2023\/02\/airplane.gif\" \/>\n<meta name=\"twitter:card\" content=\"summary_large_image\" \/>\n<meta name=\"twitter:label1\" content=\"Becs\u00fclt olvas\u00e1si id\u0151\" \/>\n\t<meta name=\"twitter:data1\" content=\"1 perc\" \/>\n<script type=\"application\/ld+json\" class=\"yoast-schema-graph\">{\"@context\":\"https:\/\/schema.org\",\"@graph\":[{\"@type\":\"WebPage\",\"@id\":\"https:\/\/adamtransport.com\/hu\/hogyan-valasszunk-szallitmanyozasi-tipust-a-tengerentulrol\",\"url\":\"https:\/\/adamtransport.com\/hu\/hogyan-valasszunk-szallitmanyozasi-tipust-a-tengerentulrol\",\"name\":\"Hogyan v\u00e1lasszunk sz\u00e1ll\u00edtm\u00e1nyoz\u00e1si t\u00edpust a tengerent\u00falr\u00f3l? - ATS Kft.\",\"isPartOf\":{\"@id\":\"https:\/\/adamtransport.com\/hu\/#website\"},\"primaryImageOfPage\":{\"@id\":\"https:\/\/adamtransport.com\/hu\/hogyan-valasszunk-szallitmanyozasi-tipust-a-tengerentulrol#primaryimage\"},\"image\":{\"@id\":\"https:\/\/adamtransport.com\/hu\/hogyan-valasszunk-szallitmanyozasi-tipust-a-tengerentulrol#primaryimage\"},\"thumbnailUrl\":\"https:\/\/adamtransport.com\/hu\/wp-content\/uploads\/2023\/02\/airplane.gif\",\"datePublished\":\"2023-03-20T10:20:52+00:00\",\"dateModified\":\"2023-03-27T16:56:33+00:00\",\"breadcrumb\":{\"@id\":\"https:\/\/adamtransport.com\/hu\/hogyan-valasszunk-szallitmanyozasi-tipust-a-tengerentulrol#breadcrumb\"},\"inLanguage\":\"hu\",\"potentialAction\":[{\"@type\":\"ReadAction\",\"target\":[\"https:\/\/adamtransport.com\/hu\/hogyan-valasszunk-szallitmanyozasi-tipust-a-tengerentulrol\"]}]},{\"@type\":\"ImageObject\",\"inLanguage\":\"hu\",\"@id\":\"https:\/\/adamtransport.com\/hu\/hogyan-valasszunk-szallitmanyozasi-tipust-a-tengerentulrol#primaryimage\",\"url\":\"https:\/\/adamtransport.com\/hu\/wp-content\/uploads\/2023\/02\/airplane.gif\",\"contentUrl\":\"https:\/\/adamtransport.com\/hu\/wp-content\/uploads\/2023\/02\/airplane.gif\",\"width\":640,\"height\":640},{\"@type\":\"BreadcrumbList\",\"@id\":\"https:\/\/adamtransport.com\/hu\/hogyan-valasszunk-szallitmanyozasi-tipust-a-tengerentulrol#breadcrumb\",\"itemListElement\":[{\"@type\":\"ListItem\",\"position\":1,\"name\":\"Home\",\"item\":\"https:\/\/adamtransport.com\/hu\/\"},{\"@type\":\"ListItem\",\"position\":2,\"name\":\"Hogyan v\u00e1lasszunk sz\u00e1ll\u00edtm\u00e1nyoz\u00e1si t\u00edpust a tengerent\u00falr\u00f3l?\"}]},{\"@type\":\"WebSite\",\"@id\":\"https:\/\/adamtransport.com\/hu\/#website\",\"url\":\"https:\/\/adamtransport.com\/hu\/\",\"name\":\"ATS Kft.\",\"description\":\"Logisztika szem\u00e9lyre szabva!\",\"publisher\":{\"@id\":\"https:\/\/adamtransport.com\/hu\/#organization\"},\"potentialAction\":[{\"@type\":\"SearchAction\",\"target\":{\"@type\":\"EntryPoint\",\"urlTemplate\":\"https:\/\/adamtransport.com\/hu\/?s={search_term_string}\"},\"query-input\":{\"@type\":\"PropertyValueSpecification\",\"valueRequired\":true,\"valueName\":\"search_term_string\"}}],\"inLanguage\":\"hu\"},{\"@type\":\"Organization\",\"@id\":\"https:\/\/adamtransport.com\/hu\/#organization\",\"name\":\"ATS Kft.\",\"url\":\"https:\/\/adamtransport.com\/hu\/\",\"logo\":{\"@type\":\"ImageObject\",\"inLanguage\":\"hu\",\"@id\":\"https:\/\/adamtransport.com\/hu\/#\/schema\/logo\/image\/\",\"url\":\"https:\/\/adamtransport.com\/hu\/wp-content\/uploads\/2023\/12\/cropped-2024-ATS-vegleges-logo-haromszog-nelkul.png\",\"contentUrl\":\"https:\/\/adamtransport.com\/hu\/wp-content\/uploads\/2023\/12\/cropped-2024-ATS-vegleges-logo-haromszog-nelkul.png\",\"width\":3916,\"height\":1359,\"caption\":\"ATS Kft.\"},\"image\":{\"@id\":\"https:\/\/adamtransport.com\/hu\/#\/schema\/logo\/image\/\"}}]}<\/script>\n<!-- \/ Yoast SEO plugin. -->","yoast_head_json":{"title":"Hogyan v\u00e1lasszunk sz\u00e1ll\u00edtm\u00e1nyoz\u00e1si t\u00edpust a tengerent\u00falr\u00f3l? - ATS Kft.","robots":{"index":"index","follow":"follow","max-snippet":"max-snippet:-1","max-image-preview":"max-image-preview:large","max-video-preview":"max-video-preview:-1"},"canonical":"https:\/\/adamtransport.com\/hu\/hogyan-valasszunk-szallitmanyozasi-tipust-a-tengerentulrol","og_locale":"hu_HU","og_type":"article","og_title":"Hogyan v\u00e1lasszunk sz\u00e1ll\u00edtm\u00e1nyoz\u00e1si t\u00edpust a tengerent\u00falr\u00f3l? - ATS Kft.","og_description":"Hogyan v\u00e1lasszunk sz\u00e1ll\u00edtm\u00e1nyoz\u00e1si t\u00edpust a tengerent\u00falr\u00f3l? Az Adam Transport Services Kft. -n\u00e9l mindig fontosnak tartottuk, hogy \u00fcgyfeleink sz\u00e1m\u00e1ra minden sz\u00e1ll\u00edt\u00e1ssal kapcsolatban felmer\u00fcl\u0151 k\u00e9rd\u00e9sben seg\u00edts\u00e9get tudjunk ny\u00fajtani. Ez\u00e9rt gondoltuk \u00fagy, hogy k\u00e9sz\u00edt\u00fcnk egy \u00f6sszehasonl\u00edt\u00e1st, melyben megvizsg\u00e1ljuk ugyanazon param\u00e9tereket egy-egy tengerent\u00fali sz\u00e1ll\u00edt\u00e1s t\u00edpus vonatkoz\u00e1s\u00e1ban, rem\u00e9lve, hogy ezzel is megk\u00f6nny\u00edtj\u00fck megb\u00edz\u00f3ink v\u00e1laszt\u00e1s\u00e1t. \u00a0 Tengerent\u00fali sz\u00e1ll\u00edt\u00e1si m\u00f3dok: k\u00f6z\u00fati sz\u00e1ll\u00edtm\u00e1nyoz\u00e1s; [&hellip;]","og_url":"https:\/\/adamtransport.com\/hu\/hogyan-valasszunk-szallitmanyozasi-tipust-a-tengerentulrol","og_site_name":"ATS Kft.","article_modified_time":"2023-03-27T16:56:33+00:00","og_image":[{"url":"https:\/\/adamtransport.com\/hu\/wp-content\/uploads\/2023\/02\/airplane.gif","type":"","width":"","height":""}],"twitter_card":"summary_large_image","twitter_misc":{"Becs\u00fclt olvas\u00e1si id\u0151":"1 perc"},"schema":{"@context":"https:\/\/schema.org","@graph":[{"@type":"WebPage","@id":"https:\/\/adamtransport.com\/hu\/hogyan-valasszunk-szallitmanyozasi-tipust-a-tengerentulrol","url":"https:\/\/adamtransport.com\/hu\/hogyan-valasszunk-szallitmanyozasi-tipust-a-tengerentulrol","name":"Hogyan v\u00e1lasszunk sz\u00e1ll\u00edtm\u00e1nyoz\u00e1si t\u00edpust a tengerent\u00falr\u00f3l? - ATS Kft.","isPartOf":{"@id":"https:\/\/adamtransport.com\/hu\/#website"},"primaryImageOfPage":{"@id":"https:\/\/adamtransport.com\/hu\/hogyan-valasszunk-szallitmanyozasi-tipust-a-tengerentulrol#primaryimage"},"image":{"@id":"https:\/\/adamtransport.com\/hu\/hogyan-valasszunk-szallitmanyozasi-tipust-a-tengerentulrol#primaryimage"},"thumbnailUrl":"https:\/\/adamtransport.com\/hu\/wp-content\/uploads\/2023\/02\/airplane.gif","datePublished":"2023-03-20T10:20:52+00:00","dateModified":"2023-03-27T16:56:33+00:00","breadcrumb":{"@id":"https:\/\/adamtransport.com\/hu\/hogyan-valasszunk-szallitmanyozasi-tipust-a-tengerentulrol#breadcrumb"},"inLanguage":"hu","potentialAction":[{"@type":"ReadAction","target":["https:\/\/adamtransport.com\/hu\/hogyan-valasszunk-szallitmanyozasi-tipust-a-tengerentulrol"]}]},{"@type":"ImageObject","inLanguage":"hu","@id":"https:\/\/adamtransport.com\/hu\/hogyan-valasszunk-szallitmanyozasi-tipust-a-tengerentulrol#primaryimage","url":"https:\/\/adamtransport.com\/hu\/wp-content\/uploads\/2023\/02\/airplane.gif","contentUrl":"https:\/\/adamtransport.com\/hu\/wp-content\/uploads\/2023\/02\/airplane.gif","width":640,"height":640},{"@type":"BreadcrumbList","@id":"https:\/\/adamtransport.com\/hu\/hogyan-valasszunk-szallitmanyozasi-tipust-a-tengerentulrol#breadcrumb","itemListElement":[{"@type":"ListItem","position":1,"name":"Home","item":"https:\/\/adamtransport.com\/hu\/"},{"@type":"ListItem","position":2,"name":"Hogyan v\u00e1lasszunk sz\u00e1ll\u00edtm\u00e1nyoz\u00e1si t\u00edpust a tengerent\u00falr\u00f3l?"}]},{"@type":"WebSite","@id":"https:\/\/adamtransport.com\/hu\/#website","url":"https:\/\/adamtransport.com\/hu\/","name":"ATS Kft.","description":"Logisztika szem\u00e9lyre szabva!","publisher":{"@id":"https:\/\/adamtransport.com\/hu\/#organization"},"potentialAction":[{"@type":"SearchAction","target":{"@type":"EntryPoint","urlTemplate":"https:\/\/adamtransport.com\/hu\/?s={search_term_string}"},"query-input":{"@type":"PropertyValueSpecification","valueRequired":true,"valueName":"search_term_string"}}],"inLanguage":"hu"},{"@type":"Organization","@id":"https:\/\/adamtransport.com\/hu\/#organization","name":"ATS Kft.","url":"https:\/\/adamtransport.com\/hu\/","logo":{"@type":"ImageObject","inLanguage":"hu","@id":"https:\/\/adamtransport.com\/hu\/#\/schema\/logo\/image\/","url":"https:\/\/adamtransport.com\/hu\/wp-content\/uploads\/2023\/12\/cropped-2024-ATS-vegleges-logo-haromszog-nelkul.png","contentUrl":"https:\/\/adamtransport.com\/hu\/wp-content\/uploads\/2023\/12\/cropped-2024-ATS-vegleges-logo-haromszog-nelkul.png","width":3916,"height":1359,"caption":"ATS Kft."},"image":{"@id":"https:\/\/adamtransport.com\/hu\/#\/schema\/logo\/image\/"}}]}},"_links":{"self":[{"href":"https:\/\/adamtransport.com\/hu\/wp-json\/wp\/v2\/pages\/2015","targetHints":{"allow":["GET"]}}],"collection":[{"href":"https:\/\/adamtransport.com\/hu\/wp-json\/wp\/v2\/pages"}],"about":[{"href":"https:\/\/adamtransport.com\/hu\/wp-json\/wp\/v2\/types\/page"}],"author":[{"embeddable":true,"href":"https:\/\/adamtransport.com\/hu\/wp-json\/wp\/v2\/users\/6"}],"replies":[{"embeddable":true,"href":"https:\/\/adamtransport.com\/hu\/wp-json\/wp\/v2\/comments?post=2015"}],"version-history":[{"count":7,"href":"https:\/\/adamtransport.com\/hu\/wp-json\/wp\/v2\/pages\/2015\/revisions"}],"predecessor-version":[{"id":2033,"href":"https:\/\/adamtransport.com\/hu\/wp-json\/wp\/v2\/pages\/2015\/revisions\/2033"}],"wp:attachment":[{"href":"https:\/\/adamtransport.com\/hu\/wp-json\/wp\/v2\/media?parent=2015"}],"curies":[{"name":"wp","href":"https:\/\/api.w.org\/{rel}","templated":true}]}}